{"id":6833,"date":"2024-12-11T18:21:24","date_gmt":"2024-12-11T18:21:24","guid":{"rendered":"https:\/\/avlo-deerlijk.be\/?post_type=product&#038;p=1924"},"modified":"2025-06-08T20:24:14","modified_gmt":"2025-06-08T20:24:14","slug":"prima-bocal-alimentaire-rabat-avant-court-blanc-4005","status":"publish","type":"product","link":"https:\/\/avlo-deerlijk.be\/?product=prima-bocal-alimentaire-rabat-avant-court-blanc-4005&lang=fr","title":{"rendered":"Prima &#8211; Bocal alimentaire &#8211; Rabat avant &#8211; Court &#8211; Blanc (4005)"},"content":{"rendered":"<ul>\n<li>\n<div>Pot pour p\u00e2t\u00e9e aux \u0153ufs, graines germ\u00e9es et nourriture vivante \u00e0 placer dans le rabat avant<\/div>\n<\/li>\n<li>Version courte<\/li>\n<li>Blanc (\u00e9galement disponible en version transparente)<\/li>\n<li>PVC<\/li>\n<\/ul>\n<p>Cage de qualit\u00e9 Prima.<\/p>\n<p>Que vous ayez des oiseaux d&#8217;exposition ou des oiseaux de reproduction, nos cages d&#8217;\u00e9levage Prima offrent un environnement de vie id\u00e9al.<\/p>\n<p>Ces cages allient durabilit\u00e9, fonctionnalit\u00e9 et \u00e9l\u00e9gance et sont sp\u00e9cialement con\u00e7ues pour favoriser le bien-\u00eatre de vos oiseaux.<\/p>\n<p>Les cages d&#8217;\u00e9levage sont fabriqu\u00e9es en polystyr\u00e8ne de 3 mm. Les coutures sont coll\u00e9es pour minimiser les trous de salet\u00e9 et d&#8217;insectes.<\/p>\n<p>Les cages d&#8217;\u00e9levage sont toujours \u00e9quip\u00e9es d&#8217;un tiroir et d&#8217;un rabat rotatif. Ce rabat rotatif emp\u00eache les oiseaux de s&#8217;\u00e9chapper lorsque le tiroir est retir\u00e9 pour le nettoyage.<\/p>\n","protected":false},"excerpt":{"rendered":"<p>Pot pour p\u00e2t\u00e9e aux \u0153ufs, graines germ\u00e9es et nourriture vivante \u00e0 placer dans le rabat avant Version courte Blanc (\u00e9galement disponible en version transparente) PVC Cage de qualit\u00e9 Prima. Que vous ayez des oiseaux d&#8217;exposition ou des oiseaux de reproduction, nos cages d&#8217;\u00e9levage Prima offrent un environnement de vie id\u00e9al. Ces cages allient durabilit\u00e9, fonctionnalit\u00e9&#8230;<\/p>\n","protected":false},"featured_media":1910,"comment_status":"open","ping_status":"closed","template":"","meta":{"_uag_custom_page_level_css":"","_kad_post_transparent":"default","_kad_post_title":"","_kad_post_layout":"default","_kad_post_sidebar_id":"","_kad_post_content_style":"default","_kad_post_vertical_padding":"default","_kad_post_feature":"","_kad_post_feature_position":"","_kad_post_header":false,"_kad_post_footer":false,"_kad_post_classname":""},"product_brand":[1139],"product_cat":[445],"product_tag":[],"class_list":{"0":"post-6833","1":"product","2":"type-product","3":"status-publish","4":"has-post-thumbnail","6":"product_brand-prima-kooien___fr","7":"product_cat-accessoires-fr","8":"product_shipping_class-lichte-pakketten","10":"first","11":"instock","12":"taxable","13":"shipping-taxable","14":"purchasable","15":"product-type-simple","16":"entry","17":"content-bg","18":"loop-entry"},"uagb_featured_image_src":{"full":["https:\/\/avlo-deerlijk.be\/wp-content\/uploads\/2024\/12\/Potje-voer-4005.png",1755,1755,false],"thumbnail":["https:\/\/avlo-deerlijk.be\/wp-content\/uploads\/2024\/12\/Potje-voer-4005-50x50.png",50,50,true],"medium":["https:\/\/avlo-deerlijk.be\/wp-content\/uploads\/2024\/12\/Potje-voer-4005-300x300.png",300,300,true],"medium_large":["https:\/\/avlo-deerlijk.be\/wp-content\/uploads\/2024\/12\/Potje-voer-4005-768x768.png",768,768,true],"large":["https:\/\/avlo-deerlijk.be\/wp-content\/uploads\/2024\/12\/Potje-voer-4005-1024x1024.png",1024,1024,true],"1536x1536":["https:\/\/avlo-deerlijk.be\/wp-content\/uploads\/2024\/12\/Potje-voer-4005-1536x1536.png",1536,1536,true],"2048x2048":["https:\/\/avlo-deerlijk.be\/wp-content\/uploads\/2024\/12\/Potje-voer-4005.png",1755,1755,false],"woocommerce_thumbnail":["https:\/\/avlo-deerlijk.be\/wp-content\/uploads\/2024\/12\/Potje-voer-4005-600x600.png",600,600,true],"woocommerce_single":["https:\/\/avlo-deerlijk.be\/wp-content\/uploads\/2024\/12\/Potje-voer-4005-600x600.png",600,600,true],"woocommerce_gallery_thumbnail":["https:\/\/avlo-deerlijk.be\/wp-content\/uploads\/2024\/12\/Potje-voer-4005-100x100.png",100,100,true]},"uagb_author_info":{"display_name":"admin","author_link":"https:\/\/avlo-deerlijk.be\/?author=0"},"uagb_comment_info":0,"uagb_excerpt":"Pot pour p\u00e2t\u00e9e aux \u0153ufs, graines germ\u00e9es et nourriture vivante \u00e0 placer dans le rabat avant Version courte Blanc (\u00e9galement disponible en version transparente) PVC Cage de qualit\u00e9 Prima. Que vous ayez des oiseaux d&#8217;exposition ou des oiseaux de reproduction, nos cages d&#8217;\u00e9levage Prima offrent un environnement de vie id\u00e9al. Ces cages allient durabilit\u00e9, fonctionnalit\u00e9...","pll_sync_post":{},"lang":"fr","translations":{"fr":6833,"nl":1924},"_links":{"self":[{"href":"https:\/\/avlo-deerlijk.be\/index.php?rest_route=\/wp\/v2\/product\/6833","targetHints":{"allow":["GET"]}}],"collection":[{"href":"https:\/\/avlo-deerlijk.be\/index.php?rest_route=\/wp\/v2\/product"}],"about":[{"href":"https:\/\/avlo-deerlijk.be\/index.php?rest_route=\/wp\/v2\/types\/product"}],"replies":[{"embeddable":true,"href":"https:\/\/avlo-deerlijk.be\/index.php?rest_route=%2Fwp%2Fv2%2Fcomments&post=6833"}],"wp:featuredmedia":[{"embeddable":true,"href":"https:\/\/avlo-deerlijk.be\/index.php?rest_route=\/wp\/v2\/media\/1910"}],"wp:attachment":[{"href":"https:\/\/avlo-deerlijk.be\/index.php?rest_route=%2Fwp%2Fv2%2Fmedia&parent=6833"}],"wp:term":[{"taxonomy":"product_brand","embeddable":true,"href":"https:\/\/avlo-deerlijk.be\/index.php?rest_route=%2Fwp%2Fv2%2Fproduct_brand&post=6833"},{"taxonomy":"product_cat","embeddable":true,"href":"https:\/\/avlo-deerlijk.be\/index.php?rest_route=%2Fwp%2Fv2%2Fproduct_cat&post=6833"},{"taxonomy":"product_tag","embeddable":true,"href":"https:\/\/avlo-deerlijk.be\/index.php?rest_route=%2Fwp%2Fv2%2Fproduct_tag&post=6833"}],"curies":[{"name":"wp","href":"https:\/\/api.w.org\/{rel}","templated":true}]}}